{"id":433,"date":"2021-07-13T01:29:03","date_gmt":"2021-07-12T23:29:03","guid":{"rendered":"https:\/\/muchasluchasparavivir.noblogs.org\/?page_id=433"},"modified":"2021-07-27T15:53:41","modified_gmt":"2021-07-27T13:53:41","slug":"programa","status":"publish","type":"page","link":"https:\/\/muchasluchasparavivir.noblogs.org\/fr\/programa\/","title":{"rendered":"programme"},"content":{"rendered":"<div id=\"magicdomid98\" class=\"ace-line\">\n<p><b>Contenu et organisation de la rencontre<\/b><\/p>\n<p>Nous nous exprimerons et \u00e9changerons sous diff\u00e9rentes formes : assembl\u00e9es, ateliers, discussions \u00ab conversatoires \u00bb, promenades, parcours, semis\u2026 Diff\u00e9rents chapiteaux recevront les activit\u00e9s selon leurs formats <span style=\"color: #ff6600\">(programme complet plus bas<\/span>):<\/p>\n<ul>\n<li><a name=\"magicdomid92\"><\/a><strong>\u201cChapiteau de la Parole\u201d: <\/strong>panneaux, conf\u00e9rences, cin\u00e9-d\u00e9bats, causeries&#8230;<\/li>\n<li><a name=\"magicdomid93\"><\/a><strong>\u201cChapiteau au del\u00e0 de la parole\u201d<\/strong>: performances, arts, expositions, th\u00e9\u00e2tre, musique, conf\u00e9rences gesticul\u00e9es&#8230;<\/li>\n<li><a name=\"magicdomid94\"><\/a><strong>\u201cChapiteau Faires ensemble\u201d<\/strong>: Peinture, s\u00e9rigraphie, broderie, <i>arpilleras<\/i>, saveurs&#8230;<\/li>\n<li><a name=\"magicdomid95\"><\/a><strong>\u201cChapiteau autres Partages\u201d<\/strong>: espace pour nous rencontrer, nous conna\u00eetre, \u00e9changer nos exp\u00e9riences de lutte et nous reposer ensemble&#8230;<\/li>\n<\/ul>\n<p><strong><span style=\"color: #ff6600\">Tableau de la programmation par heure et chapiteau: <a href=\"https:\/\/lite.framacalc.org\/9opm-fr-programa-por-carpa-con-horarios.html\">ICI<\/a><\/span> <\/strong><\/p>\n<p><span style=\"color: #ff6600\"><strong>Programme complet:<\/strong> <\/span><a href=\"https:\/\/muchasluchasparavivir.noblogs.org\/files\/2021\/07\/programme-en-francais.pdf\"><strong>programme en fran\u00e7ais<\/strong><\/a><\/p>\n<p><b>Th\u00e9matiques<\/b><\/p>\n<p>Voici les th\u00e9matiques recueillies \u00e0 ce jour, de nouvelles propositions seront les bienvenues:<\/p>\n<ul>\n<li>D\u00e9fense et droits de la terre et du territoire, r\u00e9sistance aux m\u00e9ga-projets.<\/li>\n<li>Sant\u00e9, auto-soins et soins collectifs.<\/li>\n<li>Travail (productif et reproductif) et collectivisation du travail (formes coop\u00e9ratives, \u00e9conomie populaire et solidaire).<\/li>\n<li>Autrxs, dissidence, personnes LGBT*QIAP+, trans*, non binaires, intersexe, femmes en lutte, ou selon la fa\u00e7on dont nous nous identifions et nommons chacunx de nous.<\/li>\n<li>D\u00e9colonisation, anti-imp\u00e9rialisme et contre-h\u00e9g\u00e9monie culturelle.<\/li>\n<li>Refuges, migrations, droit \u00e0 la libre circulation des personnes et \u00e0 la vie nomade.<\/li>\n<li><span class=\"author-a-wsg0z80zd7vz70zz77zz90zq2yz74zr\">Violence institutionnelle, violence de genre et cyberharc\u00e8lement ; pratiques et imaginaires d\u2019autod\u00e9fense et de \u00ab faire corps ensemble \u00bb<\/span><span class=\"author-a-tz83zz82zz73zz122zz72zgz74zz83zz76zoz69z4z65zz75zq\">(<\/span><span class=\"author-a-tz83zz82zz73zz122zz72zgz74zz83zz76zoz69z4z65zz75zq i\"><i>acuerpamiento<\/i><\/span><span class=\"author-a-tz83zz82zz73zz122zz72zgz74zz83zz76zoz69z4z65zz75zq\">)<\/span><span class=\"author-a-wsg0z80zd7vz70zz77zz90zq2yz74zr\">.<\/span><\/li>\n<li>Pratique de l\u2019autonomie : justice, \u00e9ducation, p\u00e9dagogies et communication communautaire.<\/li>\n<li>Expression collective des luttes du monde.<\/li>\n<li>D\u00e9sirs et relations interpersonelles.<\/li>\n<\/ul>\n<p>Lien pour envoyer des propositions pour l\u2019agenda politico-culturel de ces rencontres avant le 8 juillet :\u00a0<a href=\"https:\/\/forms.komun.org\/encuentro-muchas-luchas-propuesta-actividad\">https:\/\/forms.komun.org\/encuentro-muchas-luchas-propuesta-actividad<\/a><\/p>\n<p style=\"text-align: center\">***<\/p>\n<p>Nous sommes des \u00eatres vivant.e.s, grand-m\u00e8rxs, m\u00e8res, fillxs, femmes, trans, non-binaires qui luttons depuis nos diff\u00e9rentes r\u00e9alit\u00e9s, f\u00e9ministes, migrantes, non-migrantes, pr\u00e9caris\u00e9.e.s, des secteurs populaires et aujourd\u2019hui nous lan\u00e7ons un appel \u00e0 dialoguer entre g\u00e9n\u00e9rations, cultures, ethnies, galaxies, depuis la diversit\u00e9 de genres et \u00e0 partir de tous les savoirs des multiples luttes et de leurs diff\u00e9rentes g\u00e9ographies, depuis la campagne, la ville, l\u2019usine, le quartier ainsi que tous les espaces possibles de l\u2019activisme. Port\u00e9.e.s par les \u00e9motions, les douleurs, les joies et les rages qui traversent nos luttes dans nos territoires et nos corps divers, nous misons sur la valorisation et la revitalisation de pratiques et de savoirs ancestraux, ainsi que sur les luttes et les r\u00e9sistances actuelles qui nourrissent la vie dans toutes ses expressions.<\/p>\n<p><a name=\"magicdomid109\"><\/a>Nous aimerions que lors de cette rencontre, la parole et l\u2019expression de tout.es soient valoris\u00e9es de la m\u00eame fa\u00e7on et que nous puissions \u00e9couter et apprendre ce que nous avons tout.es, \u00e0 enseigner de nos exp\u00e9riences. Nous aborderons les th\u00e9matiques et les contenus en essayant d\u2019imaginer des formats diff\u00e9rents de ceux que nous connaissons, qui utiliseraient tous les types de langage et qui ne placeraient plus au centre la parole parl\u00e9e et \u00e9crite. Nous aimerions potentialiser les expressions (re)cr\u00e9atives de nos corps, des arts, du jeu, du plaisir, du sport, et d\u2019autres imaginaires qui nous rapprochent d\u2019autres horizons et d\u2019autres futurs pour tout.es+.<\/p>\n<div id=\"magicdomid111\" dir=\"LTR\">\n<p>Ixchel \u00ab le c\u0153ur qui fleurit \u00bb<\/p>\n<\/div>\n<p><a name=\"magicdomid112\"><\/a>Ce rituel sera l\u2019activit\u00e9 qui ouvrira les rencontres. Nous d\u00e9buterons la matin\u00e9e par des \u00e9l\u00e9ments qui identifient nos luttes, des embl\u00e8mes, des plantes, des graines, des b\u00e2tons, des tambours\u2026 Nous utiliserons deux b\u00e2tonnets pour \u00eatre en contact par les mains sans nous toucher. \u00c0 apporter.<\/p>\n<\/div>\n","protected":false},"excerpt":{"rendered":"<p>Contenu et organisation de la rencontre Nous nous exprimerons et \u00e9changerons sous diff\u00e9rentes formes : assembl\u00e9es, ateliers, discussions \u00ab conversatoires \u00bb, promenades, parcours, semis\u2026 Diff\u00e9rents chapiteaux recevront les activit\u00e9s selon leurs formats (programme complet plus bas): \u201cChapiteau de la Parole\u201d: panneaux, conf\u00e9rences, cin\u00e9-d\u00e9bats, causeries&#8230; \u201cChapiteau au del\u00e0 de la parole\u201d: performances, arts, expositions, th\u00e9\u00e2tre, musique, [&hellip;]<\/p>\n","protected":false},"author":16759,"featured_media":0,"parent":0,"menu_order":0,"comment_status":"closed","ping_status":"closed","template":"","meta":{"_locale":"fr_FR","_original_post":"https:\/\/muchasluchasparavivir.noblogs.org\/?page_id=430","footnotes":""},"class_list":["post-433","page","type-page","status-publish","hentry","fr-FR"],"_links":{"self":[{"href":"https:\/\/muchasluchasparavivir.noblogs.org\/wp-json\/wp\/v2\/pages\/433","targetHints":{"allow":["GET"]}}],"collection":[{"href":"https:\/\/muchasluchasparavivir.noblogs.org\/wp-json\/wp\/v2\/pages"}],"about":[{"href":"https:\/\/muchasluchasparavivir.noblogs.org\/wp-json\/wp\/v2\/types\/page"}],"author":[{"embeddable":true,"href":"https:\/\/muchasluchasparavivir.noblogs.org\/wp-json\/wp\/v2\/users\/16759"}],"replies":[{"embeddable":true,"href":"https:\/\/muchasluchasparavivir.noblogs.org\/wp-json\/wp\/v2\/comments?post=433"}],"version-history":[{"count":9,"href":"https:\/\/muchasluchasparavivir.noblogs.org\/wp-json\/wp\/v2\/pages\/433\/revisions"}],"predecessor-version":[{"id":643,"href":"https:\/\/muchasluchasparavivir.noblogs.org\/wp-json\/wp\/v2\/pages\/433\/revisions\/643"}],"wp:attachment":[{"href":"https:\/\/muchasluchasparavivir.noblogs.org\/wp-json\/wp\/v2\/media?parent=433"}],"curies":[{"name":"wp","href":"https:\/\/api.w.org\/{rel}","templated":true}]}}